{"id":314,"date":"2021-05-04T10:37:00","date_gmt":"2021-05-04T08:37:00","guid":{"rendered":"http:\/\/dd4p.gesis.org\/?page_id=314"},"modified":"2021-05-04T10:55:56","modified_gmt":"2021-05-04T08:55:56","slug":"forschungsteam","status":"publish","type":"page","link":"https:\/\/dd4p.gesis.org\/index.php\/forschungsteam\/","title":{"rendered":"Forschungsteam"},"content":{"rendered":"\n<h3 class=\"wp-block-heading\">Prof. Dr. Stefan Dietze<\/h3>\n\n\n\n<p>Stefan Dietze ist Professor f\u00fcr Data &amp; Knowledge Engineering an der Heinrich-Heine-Universit\u00e4t D\u00fcsseldorf und Wissenschaftlicher Direktor der Abteilung Wissenstechnologien f\u00fcr die Sozialwissenschaften bei GESIS in K\u00f6ln. In seiner Forschung arbeitet er an der Nutzbarmachung gro\u00dfer Datenmengen aus dem Web mit Methoden des Natural Language Processing (NLP), Information Retrieval und maschinellen Lernens.<\/p>\n\n\n\n<h3 class=\"wp-block-heading\">Prof. Dr. Frank Marcinkowski<\/h3>\n\n\n\n<p>Frank Marcinkowski ist Professor f\u00fcr Kommunikations- und Medienwissenschaft am Institut f\u00fcr Sozialwissenschaften der Heinrich-Heine-Universit\u00e4t D\u00fcsseldorf. Zu seinen Forschungs- und Lehrgebieten geh\u00f6ren Kommunikations- und \u00d6ffentlichkeitstheorien, Politische Kommunikation sowie die gesellschaftlichen Folgen von Medienentwicklungen.\u00a0<\/p>\n\n\n\n<h3 class=\"wp-block-heading\">Dr. Christopher Starke<\/h3>\n\n\n\n<p>Christopher arbeitet als Post-Doc f\u00fcr politische Kommunikation an der HHU D\u00fcsseldorf und des D\u00fcsseldorf Instituts f\u00fcr Internet und Demokratie. In seiner Forschung untersucht er demokratische Folgen von K\u00fcnstlicher Intelligenz.\u00a0<\/p>\n\n\n\n<h3 class=\"wp-block-heading\">Katarina Boland<\/h3>\n\n\n\n<p>Katarina Boland arbeitet als Doktorandin an der Heinrich-Heine-Universit\u00e4t D\u00fcsseldorf. Ihre Forschungsschwerpunkte liegen im Bereich Natural Language Processing und Text Mining sowie in der Entwicklung von KI-basierten Ans\u00e4tzen f\u00fcr sozialwissenschaftliche Anwendungsf\u00e4lle.<\/p>\n\n\n\n<h3 class=\"wp-block-heading\">Jun.-Prof. Dr. Tobias Escher<\/h3>\n\n\n\n<p>Tobias Escher ist Junior Professor f\u00fcr Soziologie am Institut f\u00fcr Sozialwissenschaften der Heinrich-Heine-Universit\u00e4t D\u00fcsseldorf. In seiner Forschung besch\u00e4ftigt er sich insbesondere mit politischer Beteiligung (online sowie offline) und widmet sich der Frage, inwieweit B\u00fcrgerbeteiligung zu h\u00f6herer Qualit\u00e4t und Legitimit\u00e4t bzw. Akzeptanz politischer Entscheidungen beitr\u00e4gt.<\/p>\n\n\n\n<h3 class=\"wp-block-heading\">Prof. Dr. Martin Mauve<\/h3>\n\n\n\n<p>Martin Mauve ist Professor f\u00fcr Rechnernetze und Kommunikationssysteme an der Heinrich-Heine Universit\u00e4t D\u00fcsseldorf. Seine Forschungsinteressen sind unter anderem sichere und robuste verteilte Systeme, computergest\u00fctzte Gruppenarbeit und die Realisierung von Partizipation mittels Internettechnologie mit einem besonderen Schwerpunkt auf der hoch skalierbaren Unterst\u00fctzung von Diskussion und Entscheidungsfindung.<\/p>\n\n\n\n<h3 class=\"wp-block-heading\">Prof. Dr. Stefan Harmeling<\/h3>\n\n\n\n<p>Stefan Harmeling ist Professor f\u00fcr Machine Learning an der Heinrich-Heine Universit\u00e4t D\u00fcsseldorf. Seine Forschungsgebiete sind Computer Vision, Image Processing und Machine Learning.<\/p>\n\n\n\n<h3 class=\"wp-block-heading\">Prof. Dr. Stefan Conrad<\/h3>\n\n\n\n<p>Stefan Conrad ist Professor f\u00fcr Datenbanken und Informationssysteme am Institut f\u00fcr Informatik. In seiner Forschung arbeitet er an Fragestellungen der Analyse gro\u00dfer Datenbest\u00e4nde, insbesondere im Image Retrieval, in der Analyse von Zeitreihen, im Clustering sowie im Text Mining.<\/p>\n\n\n\n<h3 class=\"wp-block-heading\">Prof. Dr. Christiane Eilders<\/h3>\n\n\n\n<p>Christiane Eilders ist Professorin f\u00fcr Kommunikations- und Medienwissenschaft im Institut f\u00fcr Sozialwissenschaften der Heinrich-Heine-Universit\u00e4t D\u00fcsseldorf. In Forschung und Lehre befasst sie sich mit \u00f6ffentlichen Diskursen und \u00f6ffentlicher Meinungsbildung und untersucht die Rolle von etablierten Massenmedien und Online-Kommunikation in diesem Prozess.<\/p>\n\n\n\n<h3 class=\"wp-block-heading\">Prof. Dr. Laura Kallmeyer<\/h3>\n\n\n\n<p>Laura Kallmeyer ist Professorin f\u00fcr Computerlinguistik an der Heinrich-Heine-Universit\u00e4t D\u00fcsseldorf. In ihrer Forschung besch\u00e4ftigt sie sich unter anderem mit der automatischen Erkennung von sprachlicher Struktur (Syntax) und Bedeutung (Semantik).<\/p>\n","protected":false},"excerpt":{"rendered":"<p>Prof. Dr. Stefan Dietze Stefan Dietze ist Professor f\u00fcr Data &amp; Knowledge Engineering an der Heinrich-Heine-Universit\u00e4t D\u00fcsseldorf und Wissenschaftlicher Direktor der Abteilung Wissenstechnologien f\u00fcr die Sozialwissenschaften bei GESIS in K\u00f6ln. In seiner Forschung arbeitet er an der Nutzbarmachung gro\u00dfer Datenmengen aus dem Web mit Methoden des Natural Language Processing (NLP), Information Retrieval und maschinellen Lernens. [&hellip;]<\/p>\n","protected":false},"author":2,"featured_media":0,"parent":0,"menu_order":0,"comment_status":"closed","ping_status":"closed","template":"","meta":{"footnotes":""},"class_list":["post-314","page","type-page","status-publish","czr-hentry"],"_links":{"self":[{"href":"https:\/\/dd4p.gesis.org\/index.php\/wp-json\/wp\/v2\/pages\/314","targetHints":{"allow":["GET"]}}],"collection":[{"href":"https:\/\/dd4p.gesis.org\/index.php\/wp-json\/wp\/v2\/pages"}],"about":[{"href":"https:\/\/dd4p.gesis.org\/index.php\/wp-json\/wp\/v2\/types\/page"}],"author":[{"embeddable":true,"href":"https:\/\/dd4p.gesis.org\/index.php\/wp-json\/wp\/v2\/users\/2"}],"replies":[{"embeddable":true,"href":"https:\/\/dd4p.gesis.org\/index.php\/wp-json\/wp\/v2\/comments?post=314"}],"version-history":[{"count":2,"href":"https:\/\/dd4p.gesis.org\/index.php\/wp-json\/wp\/v2\/pages\/314\/revisions"}],"predecessor-version":[{"id":331,"href":"https:\/\/dd4p.gesis.org\/index.php\/wp-json\/wp\/v2\/pages\/314\/revisions\/331"}],"wp:attachment":[{"href":"https:\/\/dd4p.gesis.org\/index.php\/wp-json\/wp\/v2\/media?parent=314"}],"curies":[{"name":"wp","href":"https:\/\/api.w.org\/{rel}","templated":true}]}}